{"id":760,"date":"2016-11-24T06:40:33","date_gmt":"2016-11-24T06:40:33","guid":{"rendered":"http:\/\/themes.zozothemes.com\/newser\/?page_id=760"},"modified":"2026-03-01T13:17:27","modified_gmt":"2026-03-01T13:17:27","slug":"video-type-2","status":"publish","type":"page","link":"https:\/\/conakrynews.org\/","title":{"rendered":"Conakrynews.org"},"content":{"rendered":"<div class=\"wpb-content-wrapper\"><div id=\"tdi_1_4a9\" class=\"tdc-row\"><div class=\"vc_row tdi_2_94b  wpb_row td-pb-row\" >\n<style scoped>\n\n\/* custom css *\/\n.tdi_2_94b,\r\n                .tdi_2_94b .tdc-columns{\r\n                    min-height: 0;\r\n                }.tdi_2_94b,\r\n\t\t\t\t.tdi_2_94b .tdc-columns{\r\n\t\t\t\t    display: block;\r\n\t\t\t\t}.tdi_2_94b .tdc-columns{\r\n\t\t\t\t    width: 100%;\r\n\t\t\t\t}\n<\/style><div class=\"vc_column tdi_4_091  wpb_column vc_column_container tdc-column td-pb-span6\">\n<style scoped>\n\n\/* custom css *\/\n.tdi_4_091{\r\n                    vertical-align: baseline;\r\n                }.tdi_4_091 > .wpb_wrapper,\r\n\t\t\t\t.tdi_4_091 > .wpb_wrapper > .tdc-elements{\r\n\t\t\t\t    display: block;\r\n\t\t\t\t}.tdi_4_091 > .wpb_wrapper > .tdc-elements{\r\n\t\t\t\t    width: 100%;\r\n\t\t\t\t}.tdi_4_091 > .wpb_wrapper{\r\n\t\t\t\t    width: auto;\r\n\t\t\t\t    height: auto;\r\n\t\t\t\t}\n<\/style><div class=\"wpb_wrapper\"><div class=\"wpb_wrapper td_block_wrap vc_raw_html tdi_6_aa2 \"><div class=\"td-fix-index\"><img decoding=\"async\" src=\"https:\/\/liberationinfo.com\/wp-content\/uploads\/2022\/06\/guicopres.png\" alt=\"Description de l'image\" >\n<br><center><img decoding=\"async\" src=\"https:\/\/conakrynews.org\/wp-content\/uploads\/2022\/10\/swrlog-o.gif\" alt=\"Description de l'image\" width=\"500\"><\/center><\/div><\/div><\/div><\/div><div class=\"vc_column tdi_8_b55  wpb_column vc_column_container tdc-column td-pb-span6\">\n<style scoped>\n\n\/* custom css *\/\n.tdi_8_b55{\r\n                    vertical-align: baseline;\r\n                }.tdi_8_b55 > .wpb_wrapper,\r\n\t\t\t\t.tdi_8_b55 > .wpb_wrapper > .tdc-elements{\r\n\t\t\t\t    display: block;\r\n\t\t\t\t}.tdi_8_b55 > .wpb_wrapper > .tdc-elements{\r\n\t\t\t\t    width: 100%;\r\n\t\t\t\t}.tdi_8_b55 > .wpb_wrapper{\r\n\t\t\t\t    width: auto;\r\n\t\t\t\t    height: auto;\r\n\t\t\t\t}\n<\/style><div class=\"wpb_wrapper\"><div class=\"wpb_wrapper td_block_wrap vc_raw_html tdi_10_940 \"><div class=\"td-fix-index\"><img decoding=\"async\" src=\"https:\/\/conakrynews.org\/wp-content\/uploads\/2025\/08\/ban-cn.jpg\" alt=\"Description de l'image\" ><\/div><\/div><\/div><\/div><\/div><\/div><div id=\"tdi_11_aea\" class=\"tdc-row\"><div class=\"vc_row tdi_12_9b9  wpb_row td-pb-row\" >\n<style scoped>\n\n\/* custom css *\/\n.tdi_12_9b9,\r\n                .tdi_12_9b9 .tdc-columns{\r\n                    min-height: 0;\r\n                }.tdi_12_9b9,\r\n\t\t\t\t.tdi_12_9b9 .tdc-columns{\r\n\t\t\t\t    display: block;\r\n\t\t\t\t}.tdi_12_9b9 .tdc-columns{\r\n\t\t\t\t    width: 100%;\r\n\t\t\t\t}\n<\/style><div class=\"vc_column tdi_14_456  wpb_column vc_column_container tdc-column td-pb-span8\">\n<style scoped>\n\n\/* custom css *\/\n.tdi_14_456{\r\n                    vertical-align: baseline;\r\n                }.tdi_14_456 > .wpb_wrapper,\r\n\t\t\t\t.tdi_14_456 > .wpb_wrapper > .tdc-elements{\r\n\t\t\t\t    display: block;\r\n\t\t\t\t}.tdi_14_456 > .wpb_wrapper > .tdc-elements{\r\n\t\t\t\t    width: 100%;\r\n\t\t\t\t}.tdi_14_456 > .wpb_wrapper{\r\n\t\t\t\t    width: auto;\r\n\t\t\t\t    height: auto;\r\n\t\t\t\t}\n<\/style><div class=\"wpb_wrapper\"><div class=\"td_block_wrap td_block_3 tdi_15_592 td_with_ajax_pagination td-pb-border-top td_block_template_1 td-column-2 td_block_padding\"  data-td-block-uid=\"tdi_15_592\" ><script>var block_tdi_15_592 = new tdBlock();\nblock_tdi_15_592.id = \"tdi_15_592\";\nblock_tdi_15_592.atts = '{\"limit\":\"16\",\"show_modified_date\":\"true\",\"ajax_pagination\":\"load_more\",\"block_type\":\"td_block_3\",\"separator\":\"\",\"custom_title\":\"\",\"custom_url\":\"\",\"block_template_id\":\"\",\"m1_tl\":\"\",\"post_ids\":\"\",\"category_id\":\"\",\"category_ids\":\"\",\"tag_slug\":\"\",\"autors_id\":\"\",\"installed_post_types\":\"\",\"sort\":\"\",\"offset\":\"\",\"el_class\":\"\",\"td_ajax_filter_type\":\"\",\"td_ajax_filter_ids\":\"\",\"td_filter_default_txt\":\"All\",\"td_ajax_preloading\":\"\",\"f_header_font_header\":\"\",\"f_header_font_title\":\"Block header\",\"f_header_font_settings\":\"\",\"f_header_font_family\":\"\",\"f_header_font_size\":\"\",\"f_header_font_line_height\":\"\",\"f_header_font_style\":\"\",\"f_header_font_weight\":\"\",\"f_header_font_transform\":\"\",\"f_header_font_spacing\":\"\",\"f_header_\":\"\",\"f_ajax_font_title\":\"Ajax categories\",\"f_ajax_font_settings\":\"\",\"f_ajax_font_family\":\"\",\"f_ajax_font_size\":\"\",\"f_ajax_font_line_height\":\"\",\"f_ajax_font_style\":\"\",\"f_ajax_font_weight\":\"\",\"f_ajax_font_transform\":\"\",\"f_ajax_font_spacing\":\"\",\"f_ajax_\":\"\",\"f_more_font_title\":\"Load more button\",\"f_more_font_settings\":\"\",\"f_more_font_family\":\"\",\"f_more_font_size\":\"\",\"f_more_font_line_height\":\"\",\"f_more_font_style\":\"\",\"f_more_font_weight\":\"\",\"f_more_font_transform\":\"\",\"f_more_font_spacing\":\"\",\"f_more_\":\"\",\"m1f_title_font_header\":\"\",\"m1f_title_font_title\":\"Article title\",\"m1f_title_font_settings\":\"\",\"m1f_title_font_family\":\"\",\"m1f_title_font_size\":\"\",\"m1f_title_font_line_height\":\"\",\"m1f_title_font_style\":\"\",\"m1f_title_font_weight\":\"\",\"m1f_title_font_transform\":\"\",\"m1f_title_font_spacing\":\"\",\"m1f_title_\":\"\",\"m1f_cat_font_title\":\"Article category tag\",\"m1f_cat_font_settings\":\"\",\"m1f_cat_font_family\":\"\",\"m1f_cat_font_size\":\"\",\"m1f_cat_font_line_height\":\"\",\"m1f_cat_font_style\":\"\",\"m1f_cat_font_weight\":\"\",\"m1f_cat_font_transform\":\"\",\"m1f_cat_font_spacing\":\"\",\"m1f_cat_\":\"\",\"m1f_meta_font_title\":\"Article meta info\",\"m1f_meta_font_settings\":\"\",\"m1f_meta_font_family\":\"\",\"m1f_meta_font_size\":\"\",\"m1f_meta_font_line_height\":\"\",\"m1f_meta_font_style\":\"\",\"m1f_meta_font_weight\":\"\",\"m1f_meta_font_transform\":\"\",\"m1f_meta_font_spacing\":\"\",\"m1f_meta_\":\"\",\"ajax_pagination_infinite_stop\":\"\",\"css\":\"\",\"tdc_css\":\"\",\"td_column_number\":2,\"header_color\":\"\",\"color_preset\":\"\",\"border_top\":\"\",\"class\":\"tdi_15_592\",\"tdc_css_class\":\"tdi_15_592\",\"tdc_css_class_style\":\"tdi_15_592_rand_style\"}';\nblock_tdi_15_592.td_column_number = \"2\";\nblock_tdi_15_592.block_type = \"td_block_3\";\nblock_tdi_15_592.post_count = \"16\";\nblock_tdi_15_592.found_posts = \"6914\";\nblock_tdi_15_592.header_color = \"\";\nblock_tdi_15_592.ajax_pagination_infinite_stop = \"\";\nblock_tdi_15_592.max_num_pages = \"433\";\ntdBlocksArray.push(block_tdi_15_592);\n<\/script><div class=\"td-block-title-wrap\"><\/div><div id=tdi_15_592 class=\"td_block_inner\">\n\n\t<div class=\"td-block-row\">\n\n\t<div class=\"td-block-span6\">\n\r\n        <div class=\"td_module_1 td_module_wrap td-animation-stack\">\r\n            <div class=\"td-module-image\">\r\n                <div class=\"td-module-thumb\"><a href=\"https:\/\/conakrynews.org\/index.php\/culture-djelykaba-bintou-met-fin-a-sa-carriere-musicale\/\" rel=\"bookmark\" class=\"td-image-wrap \" title=\"Culture: Dj\u00e9lykaba Bintou met fin \u00e0 sa carri\u00e8re musicale\" ><img loading=\"lazy\" decoding=\"async\" class=\"entry-thumb\" src=\"data:image\/png;base64,iVBORw0KGgoAAAANSUhEUgAAAUQAAACgAQMAAABOhoelAAAAA1BMVEWurq51dlI4AAAAAXRSTlMmkutdmwAAAB1JREFUWMPtwTEBAAAAwiD7p\/ZdCGAAAAAAAAAQBxpAAAH8le3bAAAAAElFTkSuQmCC\" alt=\"\" title=\"Culture: Dj\u00e9lykaba Bintou met fin \u00e0 sa carri\u00e8re musicale\" data-type=\"image_tag\" data-img-url=\"https:\/\/conakrynews.org\/wp-content\/uploads\/2026\/04\/1777321309845-324x160.jpg\"  width=\"324\" height=\"160\" \/><\/a><\/div>                            <\/div>\r\n            <h3 class=\"entry-title td-module-title\"><a href=\"https:\/\/conakrynews.org\/index.php\/culture-djelykaba-bintou-met-fin-a-sa-carriere-musicale\/\" rel=\"bookmark\" title=\"Culture: Dj\u00e9lykaba Bintou met fin \u00e0 sa carri\u00e8re musicale\">Culture: Dj\u00e9lykaba Bintou met fin \u00e0 sa carri\u00e8re musicale<\/a><\/h3>\r\n            <div class=\"td-module-meta-info\">\r\n                <span class=\"td-post-author-name\"><a href=\"https:\/\/conakrynews.org\/index.php\/author\/ikalil\/\">La R\u00e9daction.<\/a> <span>-<\/span> <\/span>                <span class=\"td-post-date\"><time class=\"entry-date updated td-module-date\" datetime=\"2026-04-27T23:30:53+00:00\" >27 avril 2026<\/time><\/span>                            <\/div>\r\n\r\n            \r\n        <\/div>\r\n\r\n        \n\t<\/div> <!-- .\/td-block-span6 -->\n\n\t<div class=\"td-block-span6\">\n\r\n        <div class=\"td_module_1 td_module_wrap td-animation-stack\">\r\n            <div class=\"td-module-image\">\r\n                <div class=\"td-module-thumb\"><a href=\"https:\/\/conakrynews.org\/index.php\/celebration-de-la-journee-internationale-de-la-liberte-de-la-pressecommunique-de-la-maison-de-la-presse\/\" rel=\"bookmark\" class=\"td-image-wrap \" title=\"C\u00e9l\u00e9bration de la Journ\u00e9e Internationale de la libert\u00e9 de la presse:Communiqu\u00e9 de la maison de la presse\u00a0\" ><img loading=\"lazy\" decoding=\"async\" class=\"entry-thumb\" src=\"data:image\/png;base64,iVBORw0KGgoAAAANSUhEUgAAAUQAAACgAQMAAABOhoelAAAAA1BMVEWurq51dlI4AAAAAXRSTlMmkutdmwAAAB1JREFUWMPtwTEBAAAAwiD7p\/ZdCGAAAAAAAAAQBxpAAAH8le3bAAAAAElFTkSuQmCC\" alt=\"\" title=\"C\u00e9l\u00e9bration de la Journ\u00e9e Internationale de la libert\u00e9 de la presse:Communiqu\u00e9 de la maison de la presse\u00a0\" data-type=\"image_tag\" data-img-url=\"https:\/\/conakrynews.org\/wp-content\/uploads\/2026\/04\/images-18-324x160.jpeg\"  width=\"324\" height=\"160\" \/><\/a><\/div>                            <\/div>\r\n            <h3 class=\"entry-title td-module-title\"><a href=\"https:\/\/conakrynews.org\/index.php\/celebration-de-la-journee-internationale-de-la-liberte-de-la-pressecommunique-de-la-maison-de-la-presse\/\" rel=\"bookmark\" title=\"C\u00e9l\u00e9bration de la Journ\u00e9e Internationale de la libert\u00e9 de la presse:Communiqu\u00e9 de la maison de la presse\u00a0\">C\u00e9l\u00e9bration de la Journ\u00e9e Internationale de la libert\u00e9 de la presse:Communiqu\u00e9...<\/a><\/h3>\r\n            <div class=\"td-module-meta-info\">\r\n                <span class=\"td-post-author-name\"><a href=\"https:\/\/conakrynews.org\/index.php\/author\/ikalil\/\">La R\u00e9daction.<\/a> <span>-<\/span> <\/span>                <span class=\"td-post-date\"><time class=\"entry-date updated td-module-date\" datetime=\"2026-04-26T17:33:17+00:00\" >26 avril 2026<\/time><\/span>                            <\/div>\r\n\r\n            \r\n        <\/div>\r\n\r\n        \n\t<\/div> <!-- .\/td-block-span6 --><\/div><!--.\/row-fluid-->\n\n\t<div class=\"td-block-row\">\n\n\t<div class=\"td-block-span6\">\n\r\n        <div class=\"td_module_1 td_module_wrap td-animation-stack\">\r\n            <div class=\"td-module-image\">\r\n                <div class=\"td-module-thumb\"><a href=\"https:\/\/conakrynews.org\/index.php\/mali-coup-dur-pour-assimi-goita-le-ministre-sadio-camara-annonce\/\" rel=\"bookmark\" class=\"td-image-wrap \" title=\"Mali : coup dur pour Assimi Go\u00efta, le ministre Sadio Camara annonc\u00e9\u00a0\" ><img loading=\"lazy\" decoding=\"async\" class=\"entry-thumb\" src=\"data:image\/png;base64,iVBORw0KGgoAAAANSUhEUgAAAUQAAACgAQMAAABOhoelAAAAA1BMVEWurq51dlI4AAAAAXRSTlMmkutdmwAAAB1JREFUWMPtwTEBAAAAwiD7p\/ZdCGAAAAAAAAAQBxpAAAH8le3bAAAAAElFTkSuQmCC\" alt=\"\" title=\"Mali : coup dur pour Assimi Go\u00efta, le ministre Sadio Camara annonc\u00e9\u00a0\" data-type=\"image_tag\" data-img-url=\"https:\/\/conakrynews.org\/wp-content\/uploads\/2026\/04\/mali-coup-dur-pour-assimi-goita-le-ministre-sadio-camara-annonce-mort-1-1200x675-1-324x160.webp\"  width=\"324\" height=\"160\" \/><\/a><\/div>                            <\/div>\r\n            <h3 class=\"entry-title td-module-title\"><a href=\"https:\/\/conakrynews.org\/index.php\/mali-coup-dur-pour-assimi-goita-le-ministre-sadio-camara-annonce\/\" rel=\"bookmark\" title=\"Mali : coup dur pour Assimi Go\u00efta, le ministre Sadio Camara annonc\u00e9\u00a0\">Mali : coup dur pour Assimi Go\u00efta, le ministre Sadio Camara...<\/a><\/h3>\r\n            <div class=\"td-module-meta-info\">\r\n                <span class=\"td-post-author-name\"><a href=\"https:\/\/conakrynews.org\/index.php\/author\/ikalil\/\">La R\u00e9daction.<\/a> <span>-<\/span> <\/span>                <span class=\"td-post-date\"><time class=\"entry-date updated td-module-date\" datetime=\"2026-04-26T13:56:45+00:00\" >26 avril 2026<\/time><\/span>                            <\/div>\r\n\r\n            \r\n        <\/div>\r\n\r\n        \n\t<\/div> <!-- .\/td-block-span6 -->\n\n\t<div class=\"td-block-span6\">\n\r\n        <div class=\"td_module_1 td_module_wrap td-animation-stack\">\r\n            <div class=\"td-module-image\">\r\n                <div class=\"td-module-thumb\"><a href=\"https:\/\/conakrynews.org\/index.php\/attaque-terroriste-au-mali-la-cedeao-hausse-le-ton-et-appelle-a-une-riposte-regionale-coordonnee-communique\/\" rel=\"bookmark\" class=\"td-image-wrap \" title=\"Attaque Terroriste au Mali : la CEDEAO hausse le ton et appelle \u00e0 une riposte r\u00e9gionale coordonn\u00e9e (Communiqu\u00e9)\" ><img loading=\"lazy\" decoding=\"async\" class=\"entry-thumb\" src=\"data:image\/png;base64,iVBORw0KGgoAAAANSUhEUgAAAUQAAACgAQMAAABOhoelAAAAA1BMVEWurq51dlI4AAAAAXRSTlMmkutdmwAAAB1JREFUWMPtwTEBAAAAwiD7p\/ZdCGAAAAAAAAAQBxpAAAH8le3bAAAAAElFTkSuQmCC\" alt=\"\" title=\"Attaque Terroriste au Mali : la CEDEAO hausse le ton et appelle \u00e0 une riposte r\u00e9gionale coordonn\u00e9e (Communiqu\u00e9)\" data-type=\"image_tag\" data-img-url=\"https:\/\/conakrynews.org\/wp-content\/uploads\/2026\/04\/FB_IMG_1777207928294-324x160.jpg\"  width=\"324\" height=\"160\" \/><\/a><\/div>                            <\/div>\r\n            <h3 class=\"entry-title td-module-title\"><a href=\"https:\/\/conakrynews.org\/index.php\/attaque-terroriste-au-mali-la-cedeao-hausse-le-ton-et-appelle-a-une-riposte-regionale-coordonnee-communique\/\" rel=\"bookmark\" title=\"Attaque Terroriste au Mali : la CEDEAO hausse le ton et appelle \u00e0 une riposte r\u00e9gionale coordonn\u00e9e (Communiqu\u00e9)\">Attaque Terroriste au Mali : la CEDEAO hausse le ton et...<\/a><\/h3>\r\n            <div class=\"td-module-meta-info\">\r\n                <span class=\"td-post-author-name\"><a href=\"https:\/\/conakrynews.org\/index.php\/author\/ikalil\/\">La R\u00e9daction.<\/a> <span>-<\/span> <\/span>                <span class=\"td-post-date\"><time class=\"entry-date updated td-module-date\" datetime=\"2026-04-26T13:39:55+00:00\" >26 avril 2026<\/time><\/span>                            <\/div>\r\n\r\n            \r\n        <\/div>\r\n\r\n        \n\t<\/div> <!-- .\/td-block-span6 --><\/div><!--.\/row-fluid-->\n\n\t<div class=\"td-block-row\">\n\n\t<div class=\"td-block-span6\">\n\r\n        <div class=\"td_module_1 td_module_wrap td-animation-stack\">\r\n            <div class=\"td-module-image\">\r\n                <div class=\"td-module-thumb\"><a href=\"https:\/\/conakrynews.org\/index.php\/inauguration-dune-usine-de-gaz-a-konta-un-pas-vers-la-souverainete-energetique-et-la-preservation-de-lenvironnement\/\" rel=\"bookmark\" class=\"td-image-wrap \" title=\"Inauguration d\u2019une usine de gaz \u00e0 Konta: un pas vers la souverainet\u00e9 \u00e9nerg\u00e9tique et la pr\u00e9servation de l\u2019environnement\" ><img loading=\"lazy\" decoding=\"async\" class=\"entry-thumb\" src=\"data:image\/png;base64,iVBORw0KGgoAAAANSUhEUgAAAUQAAACgAQMAAABOhoelAAAAA1BMVEWurq51dlI4AAAAAXRSTlMmkutdmwAAAB1JREFUWMPtwTEBAAAAwiD7p\/ZdCGAAAAAAAAAQBxpAAAH8le3bAAAAAElFTkSuQmCC\" alt=\"\" title=\"Inauguration d\u2019une usine de gaz \u00e0 Konta: un pas vers la souverainet\u00e9 \u00e9nerg\u00e9tique et la pr\u00e9servation de l\u2019environnement\" data-type=\"image_tag\" data-img-url=\"https:\/\/conakrynews.org\/wp-content\/uploads\/2026\/04\/IMG_2301-1050x525-1-324x160.jpeg\"  width=\"324\" height=\"160\" \/><\/a><\/div>                            <\/div>\r\n            <h3 class=\"entry-title td-module-title\"><a href=\"https:\/\/conakrynews.org\/index.php\/inauguration-dune-usine-de-gaz-a-konta-un-pas-vers-la-souverainete-energetique-et-la-preservation-de-lenvironnement\/\" rel=\"bookmark\" title=\"Inauguration d\u2019une usine de gaz \u00e0 Konta: un pas vers la souverainet\u00e9 \u00e9nerg\u00e9tique et la pr\u00e9servation de l\u2019environnement\">Inauguration d\u2019une usine de gaz \u00e0 Konta: un pas vers la...<\/a><\/h3>\r\n            <div class=\"td-module-meta-info\">\r\n                <span class=\"td-post-author-name\"><a href=\"https:\/\/conakrynews.org\/index.php\/author\/ikalil\/\">La R\u00e9daction.<\/a> <span>-<\/span> <\/span>                <span class=\"td-post-date\"><time class=\"entry-date updated td-module-date\" datetime=\"2026-04-26T09:12:33+00:00\" >26 avril 2026<\/time><\/span>                            <\/div>\r\n\r\n            \r\n        <\/div>\r\n\r\n        \n\t<\/div> <!-- .\/td-block-span6 -->\n\n\t<div class=\"td-block-span6\">\n\r\n        <div class=\"td_module_1 td_module_wrap td-animation-stack\">\r\n            <div class=\"td-module-image\">\r\n                <div class=\"td-module-thumb\"><a href=\"https:\/\/conakrynews.org\/index.php\/donald-trump-evacue-apres-des-tirs-au-diner-des-correspondants-de-la-maison-blanche\/\" rel=\"bookmark\" class=\"td-image-wrap \" title=\"Donald Trump \u00e9vacu\u00e9 apr\u00e8s des tirs au d\u00eener des correspondants de la Maison Blanche\" ><img loading=\"lazy\" decoding=\"async\" class=\"entry-thumb\" src=\"data:image\/png;base64,iVBORw0KGgoAAAANSUhEUgAAAUQAAACgAQMAAABOhoelAAAAA1BMVEWurq51dlI4AAAAAXRSTlMmkutdmwAAAB1JREFUWMPtwTEBAAAAwiD7p\/ZdCGAAAAAAAAAQBxpAAAH8le3bAAAAAElFTkSuQmCC\" alt=\"\" title=\"Donald Trump \u00e9vacu\u00e9 apr\u00e8s des tirs au d\u00eener des correspondants de la Maison Blanche\" data-type=\"image_tag\" data-img-url=\"https:\/\/conakrynews.org\/wp-content\/uploads\/2026\/04\/IMG_2302-1050x525-1-324x160.png\"  width=\"324\" height=\"160\" \/><\/a><\/div>                            <\/div>\r\n            <h3 class=\"entry-title td-module-title\"><a href=\"https:\/\/conakrynews.org\/index.php\/donald-trump-evacue-apres-des-tirs-au-diner-des-correspondants-de-la-maison-blanche\/\" rel=\"bookmark\" title=\"Donald Trump \u00e9vacu\u00e9 apr\u00e8s des tirs au d\u00eener des correspondants de la Maison Blanche\">Donald Trump \u00e9vacu\u00e9 apr\u00e8s des tirs au d\u00eener des correspondants de...<\/a><\/h3>\r\n            <div class=\"td-module-meta-info\">\r\n                <span class=\"td-post-author-name\"><a href=\"https:\/\/conakrynews.org\/index.php\/author\/ikalil\/\">La R\u00e9daction.<\/a> <span>-<\/span> <\/span>                <span class=\"td-post-date\"><time class=\"entry-date updated td-module-date\" datetime=\"2026-04-26T08:12:12+00:00\" >26 avril 2026<\/time><\/span>                            <\/div>\r\n\r\n            \r\n        <\/div>\r\n\r\n        \n\t<\/div> <!-- .\/td-block-span6 --><\/div><!--.\/row-fluid-->\n\n\t<div class=\"td-block-row\">\n\n\t<div class=\"td-block-span6\">\n\r\n        <div class=\"td_module_1 td_module_wrap td-animation-stack\">\r\n            <div class=\"td-module-image\">\r\n                <div class=\"td-module-thumb\"><a href=\"https:\/\/conakrynews.org\/index.php\/guinee-decret-nomination-de-plusieurs-cadres-au-sein-du-ministere-des-infrastructures\/\" rel=\"bookmark\" class=\"td-image-wrap \" title=\"Guin\u00e9e \/ D\u00e9cret : Nomination de plusieurs cadres au sein du minist\u00e8re des infrastructures\" ><img loading=\"lazy\" decoding=\"async\" class=\"entry-thumb\" src=\"data:image\/png;base64,iVBORw0KGgoAAAANSUhEUgAAAUQAAACgAQMAAABOhoelAAAAA1BMVEWurq51dlI4AAAAAXRSTlMmkutdmwAAAB1JREFUWMPtwTEBAAAAwiD7p\/ZdCGAAAAAAAAAQBxpAAAH8le3bAAAAAElFTkSuQmCC\" alt=\"\" title=\"Guin\u00e9e \/ D\u00e9cret : Nomination de plusieurs cadres au sein du minist\u00e8re des infrastructures\" data-type=\"image_tag\" data-img-url=\"https:\/\/conakrynews.org\/wp-content\/uploads\/2026\/04\/images-17-324x160.jpeg\"  width=\"324\" height=\"160\" \/><\/a><\/div>                            <\/div>\r\n            <h3 class=\"entry-title td-module-title\"><a href=\"https:\/\/conakrynews.org\/index.php\/guinee-decret-nomination-de-plusieurs-cadres-au-sein-du-ministere-des-infrastructures\/\" rel=\"bookmark\" title=\"Guin\u00e9e \/ D\u00e9cret : Nomination de plusieurs cadres au sein du minist\u00e8re des infrastructures\">Guin\u00e9e \/ D\u00e9cret : Nomination de plusieurs cadres au sein du...<\/a><\/h3>\r\n            <div class=\"td-module-meta-info\">\r\n                <span class=\"td-post-author-name\"><a href=\"https:\/\/conakrynews.org\/index.php\/author\/ikalil\/\">La R\u00e9daction.<\/a> <span>-<\/span> <\/span>                <span class=\"td-post-date\"><time class=\"entry-date updated td-module-date\" datetime=\"2026-04-25T23:46:47+00:00\" >25 avril 2026<\/time><\/span>                            <\/div>\r\n\r\n            \r\n        <\/div>\r\n\r\n        \n\t<\/div> <!-- .\/td-block-span6 -->\n\n\t<div class=\"td-block-span6\">\n\r\n        <div class=\"td_module_1 td_module_wrap td-animation-stack\">\r\n            <div class=\"td-module-image\">\r\n                <div class=\"td-module-thumb\"><a href=\"https:\/\/conakrynews.org\/index.php\/mali-des-tirs-entendus-dans-plusieurs-localites-dont-kati-pres-de-la-capitale-bamako\/\" rel=\"bookmark\" class=\"td-image-wrap \" title=\"Mali : des tirs entendus dans plusieurs localit\u00e9s dont Kati, pr\u00e8s de la capitale Bamako\u00a0 \u00a0\" ><img loading=\"lazy\" decoding=\"async\" class=\"entry-thumb\" src=\"data:image\/png;base64,iVBORw0KGgoAAAANSUhEUgAAAUQAAACgAQMAAABOhoelAAAAA1BMVEWurq51dlI4AAAAAXRSTlMmkutdmwAAAB1JREFUWMPtwTEBAAAAwiD7p\/ZdCGAAAAAAAAAQBxpAAAH8le3bAAAAAElFTkSuQmCC\" alt=\"\" title=\"Mali : des tirs entendus dans plusieurs localit\u00e9s dont Kati, pr\u00e8s de la capitale Bamako\u00a0 \u00a0\" data-type=\"image_tag\" data-img-url=\"https:\/\/conakrynews.org\/wp-content\/uploads\/2026\/04\/WhatsApp-Image-2024-10-16-at-20.55.51-275x160.jpeg\"  width=\"275\" height=\"160\" \/><\/a><\/div>                            <\/div>\r\n            <h3 class=\"entry-title td-module-title\"><a href=\"https:\/\/conakrynews.org\/index.php\/mali-des-tirs-entendus-dans-plusieurs-localites-dont-kati-pres-de-la-capitale-bamako\/\" rel=\"bookmark\" title=\"Mali : des tirs entendus dans plusieurs localit\u00e9s dont Kati, pr\u00e8s de la capitale Bamako\u00a0 \u00a0\">Mali : des tirs entendus dans plusieurs localit\u00e9s dont Kati, pr\u00e8s...<\/a><\/h3>\r\n            <div class=\"td-module-meta-info\">\r\n                <span class=\"td-post-author-name\"><a href=\"https:\/\/conakrynews.org\/index.php\/author\/ikalil\/\">La R\u00e9daction.<\/a> <span>-<\/span> <\/span>                <span class=\"td-post-date\"><time class=\"entry-date updated td-module-date\" datetime=\"2026-04-25T09:55:47+00:00\" >25 avril 2026<\/time><\/span>                            <\/div>\r\n\r\n            \r\n        <\/div>\r\n\r\n        \n\t<\/div> <!-- .\/td-block-span6 --><\/div><!--.\/row-fluid-->\n\n\t<div class=\"td-block-row\">\n\n\t<div class=\"td-block-span6\">\n\r\n        <div class=\"td_module_1 td_module_wrap td-animation-stack\">\r\n            <div class=\"td-module-image\">\r\n                <div class=\"td-module-thumb\"><a href=\"https:\/\/conakrynews.org\/index.php\/elections-legislatives-et-communales-du-31mai-djenab-toure-sur-le-niveau-davancement-du-processus\/\" rel=\"bookmark\" class=\"td-image-wrap \" title=\"\u00c9lections l\u00e9gislatives et communales du 31mai :Djenab Tour\u00e9 sur le niveau d&rsquo;avancement du processus\u00a0\" ><img loading=\"lazy\" decoding=\"async\" class=\"entry-thumb\" src=\"data:image\/png;base64,iVBORw0KGgoAAAANSUhEUgAAAUQAAACgAQMAAABOhoelAAAAA1BMVEWurq51dlI4AAAAAXRSTlMmkutdmwAAAB1JREFUWMPtwTEBAAAAwiD7p\/ZdCGAAAAAAAAAQBxpAAAH8le3bAAAAAElFTkSuQmCC\" alt=\"\" title=\"\u00c9lections l\u00e9gislatives et communales du 31mai :Djenab Tour\u00e9 sur le niveau d&rsquo;avancement du processus\u00a0\" data-type=\"image_tag\" data-img-url=\"https:\/\/conakrynews.org\/wp-content\/uploads\/2026\/04\/IMG_20260424_183350-324x160.jpg\"  width=\"324\" height=\"160\" \/><\/a><\/div>                            <\/div>\r\n            <h3 class=\"entry-title td-module-title\"><a href=\"https:\/\/conakrynews.org\/index.php\/elections-legislatives-et-communales-du-31mai-djenab-toure-sur-le-niveau-davancement-du-processus\/\" rel=\"bookmark\" title=\"\u00c9lections l\u00e9gislatives et communales du 31mai :Djenab Tour\u00e9 sur le niveau d&rsquo;avancement du processus\u00a0\">\u00c9lections l\u00e9gislatives et communales du 31mai :Djenab Tour\u00e9 sur le niveau...<\/a><\/h3>\r\n            <div class=\"td-module-meta-info\">\r\n                <span class=\"td-post-author-name\"><a href=\"https:\/\/conakrynews.org\/index.php\/author\/ikalil\/\">La R\u00e9daction.<\/a> <span>-<\/span> <\/span>                <span class=\"td-post-date\"><time class=\"entry-date updated td-module-date\" datetime=\"2026-04-24T21:23:52+00:00\" >24 avril 2026<\/time><\/span>                            <\/div>\r\n\r\n            \r\n        <\/div>\r\n\r\n        \n\t<\/div> <!-- .\/td-block-span6 -->\n\n\t<div class=\"td-block-span6\">\n\r\n        <div class=\"td_module_1 td_module_wrap td-animation-stack\">\r\n            <div class=\"td-module-image\">\r\n                <div class=\"td-module-thumb\"><a href=\"https:\/\/conakrynews.org\/index.php\/diplomatie-vers-une-cooperation-bilaterale-renforcee-entre-la-guinee-et-la-guinee-bissau\/\" rel=\"bookmark\" class=\"td-image-wrap \" title=\"Diplomatie :Vers une coop\u00e9ration bilat\u00e9rale renforc\u00e9e\u00a0 entre la Guin\u00e9e et la Guin\u00e9e Bissau\u00a0\" ><img loading=\"lazy\" decoding=\"async\" class=\"entry-thumb\" src=\"data:image\/png;base64,iVBORw0KGgoAAAANSUhEUgAAAUQAAACgAQMAAABOhoelAAAAA1BMVEWurq51dlI4AAAAAXRSTlMmkutdmwAAAB1JREFUWMPtwTEBAAAAwiD7p\/ZdCGAAAAAAAAAQBxpAAAH8le3bAAAAAElFTkSuQmCC\" alt=\"\" title=\"Diplomatie :Vers une coop\u00e9ration bilat\u00e9rale renforc\u00e9e\u00a0 entre la Guin\u00e9e et la Guin\u00e9e Bissau\u00a0\" data-type=\"image_tag\" data-img-url=\"https:\/\/conakrynews.org\/wp-content\/uploads\/2026\/04\/IMG_20260423_173611-324x160.jpg\"  width=\"324\" height=\"160\" \/><\/a><\/div>                            <\/div>\r\n            <h3 class=\"entry-title td-module-title\"><a href=\"https:\/\/conakrynews.org\/index.php\/diplomatie-vers-une-cooperation-bilaterale-renforcee-entre-la-guinee-et-la-guinee-bissau\/\" rel=\"bookmark\" title=\"Diplomatie :Vers une coop\u00e9ration bilat\u00e9rale renforc\u00e9e\u00a0 entre la Guin\u00e9e et la Guin\u00e9e Bissau\u00a0\">Diplomatie :Vers une coop\u00e9ration bilat\u00e9rale renforc\u00e9e\u00a0 entre la Guin\u00e9e et la...<\/a><\/h3>\r\n            <div class=\"td-module-meta-info\">\r\n                <span class=\"td-post-author-name\"><a href=\"https:\/\/conakrynews.org\/index.php\/author\/ikalil\/\">La R\u00e9daction.<\/a> <span>-<\/span> <\/span>                <span class=\"td-post-date\"><time class=\"entry-date updated td-module-date\" datetime=\"2026-04-23T20:23:24+00:00\" >23 avril 2026<\/time><\/span>                            <\/div>\r\n\r\n            \r\n        <\/div>\r\n\r\n        \n\t<\/div> <!-- .\/td-block-span6 --><\/div><!--.\/row-fluid-->\n\n\t<div class=\"td-block-row\">\n\n\t<div class=\"td-block-span6\">\n\r\n        <div class=\"td_module_1 td_module_wrap td-animation-stack\">\r\n            <div class=\"td-module-image\">\r\n                <div class=\"td-module-thumb\"><a href=\"https:\/\/conakrynews.org\/index.php\/39899\/\" rel=\"bookmark\" class=\"td-image-wrap \" title=\"M\u00e9dias: Les journalistes Aboubacar Diallo, S\u00e9kou Bah et l\u2019\u00e9mission \u00ab Guin\u00e9e Today \u00bb suspendus pour 3 mois\" ><img loading=\"lazy\" decoding=\"async\" class=\"entry-thumb\" src=\"data:image\/png;base64,iVBORw0KGgoAAAANSUhEUgAAAUQAAACgAQMAAABOhoelAAAAA1BMVEWurq51dlI4AAAAAXRSTlMmkutdmwAAAB1JREFUWMPtwTEBAAAAwiD7p\/ZdCGAAAAAAAAAQBxpAAAH8le3bAAAAAElFTkSuQmCC\" alt=\"\" title=\"M\u00e9dias: Les journalistes Aboubacar Diallo, S\u00e9kou Bah et l\u2019\u00e9mission \u00ab Guin\u00e9e Today \u00bb suspendus pour 3 mois\" data-type=\"image_tag\" data-img-url=\"https:\/\/conakrynews.org\/wp-content\/uploads\/2026\/04\/images-16-324x160.jpeg\"  width=\"324\" height=\"160\" \/><\/a><\/div>                            <\/div>\r\n            <h3 class=\"entry-title td-module-title\"><a href=\"https:\/\/conakrynews.org\/index.php\/39899\/\" rel=\"bookmark\" title=\"M\u00e9dias: Les journalistes Aboubacar Diallo, S\u00e9kou Bah et l\u2019\u00e9mission \u00ab Guin\u00e9e Today \u00bb suspendus pour 3 mois\">M\u00e9dias: Les journalistes Aboubacar Diallo, S\u00e9kou Bah et l\u2019\u00e9mission \u00ab Guin\u00e9e...<\/a><\/h3>\r\n            <div class=\"td-module-meta-info\">\r\n                <span class=\"td-post-author-name\"><a href=\"https:\/\/conakrynews.org\/index.php\/author\/ikalil\/\">La R\u00e9daction.<\/a> <span>-<\/span> <\/span>                <span class=\"td-post-date\"><time class=\"entry-date updated td-module-date\" datetime=\"2026-04-23T16:03:28+00:00\" >23 avril 2026<\/time><\/span>                            <\/div>\r\n\r\n            \r\n        <\/div>\r\n\r\n        \n\t<\/div> <!-- .\/td-block-span6 -->\n\n\t<div class=\"td-block-span6\">\n\r\n        <div class=\"td_module_1 td_module_wrap td-animation-stack\">\r\n            <div class=\"td-module-image\">\r\n                <div class=\"td-module-thumb\"><a href=\"https:\/\/conakrynews.org\/index.php\/afrique-programme-de-leadership-en-sante-mentale\/\" rel=\"bookmark\" class=\"td-image-wrap \" title=\"Afrique : Programme de leadership en sant\u00e9 mentale\" ><img loading=\"lazy\" decoding=\"async\" class=\"entry-thumb\" src=\"data:image\/png;base64,iVBORw0KGgoAAAANSUhEUgAAAUQAAACgAQMAAABOhoelAAAAA1BMVEWurq51dlI4AAAAAXRSTlMmkutdmwAAAB1JREFUWMPtwTEBAAAAwiD7p\/ZdCGAAAAAAAAAQBxpAAAH8le3bAAAAAElFTkSuQmCC\" alt=\"\" title=\"Afrique : Programme de leadership en sant\u00e9 mentale\" data-type=\"image_tag\" data-img-url=\"https:\/\/conakrynews.org\/wp-content\/uploads\/2026\/04\/IMG_2267-1050x525-1-324x160.jpeg\"  width=\"324\" height=\"160\" \/><\/a><\/div>                            <\/div>\r\n            <h3 class=\"entry-title td-module-title\"><a href=\"https:\/\/conakrynews.org\/index.php\/afrique-programme-de-leadership-en-sante-mentale\/\" rel=\"bookmark\" title=\"Afrique : Programme de leadership en sant\u00e9 mentale\">Afrique : Programme de leadership en sant\u00e9 mentale<\/a><\/h3>\r\n            <div class=\"td-module-meta-info\">\r\n                <span class=\"td-post-author-name\"><a href=\"https:\/\/conakrynews.org\/index.php\/author\/ikalil\/\">La R\u00e9daction.<\/a> <span>-<\/span> <\/span>                <span class=\"td-post-date\"><time class=\"entry-date updated td-module-date\" datetime=\"2026-04-23T10:04:51+00:00\" >23 avril 2026<\/time><\/span>                            <\/div>\r\n\r\n            \r\n        <\/div>\r\n\r\n        \n\t<\/div> <!-- .\/td-block-span6 --><\/div><!--.\/row-fluid-->\n\n\t<div class=\"td-block-row\">\n\n\t<div class=\"td-block-span6\">\n\r\n        <div class=\"td_module_1 td_module_wrap td-animation-stack\">\r\n            <div class=\"td-module-image\">\r\n                <div class=\"td-module-thumb\"><a href=\"https:\/\/conakrynews.org\/index.php\/palais-mohammed-v-le-chef-de-letat-s-e-mamadi-doumbouya-recoit-en-audience-le-premier-ministre-de-la-guinee-bissau-ilidio-te-vieira\/\" rel=\"bookmark\" class=\"td-image-wrap \" title=\"Palais Mohammed V : le Chef de l\u2019\u00c9tat , S.E Mamadi DOUMBOUYA, re\u00e7oit en audience le Premier ministre de la Guin\u00e9e-Bissau, Il\u00eddio T\u00e9 VIEIRA\" ><img loading=\"lazy\" decoding=\"async\" class=\"entry-thumb\" src=\"data:image\/png;base64,iVBORw0KGgoAAAANSUhEUgAAAUQAAACgAQMAAABOhoelAAAAA1BMVEWurq51dlI4AAAAAXRSTlMmkutdmwAAAB1JREFUWMPtwTEBAAAAwiD7p\/ZdCGAAAAAAAAAQBxpAAAH8le3bAAAAAElFTkSuQmCC\" alt=\"\" title=\"Palais Mohammed V : le Chef de l\u2019\u00c9tat , S.E Mamadi DOUMBOUYA, re\u00e7oit en audience le Premier ministre de la Guin\u00e9e-Bissau, Il\u00eddio T\u00e9 VIEIRA\" data-type=\"image_tag\" data-img-url=\"https:\/\/conakrynews.org\/wp-content\/uploads\/2026\/04\/IMG_2268-1050x525-1-324x160.jpeg\"  width=\"324\" height=\"160\" \/><\/a><\/div>                            <\/div>\r\n            <h3 class=\"entry-title td-module-title\"><a href=\"https:\/\/conakrynews.org\/index.php\/palais-mohammed-v-le-chef-de-letat-s-e-mamadi-doumbouya-recoit-en-audience-le-premier-ministre-de-la-guinee-bissau-ilidio-te-vieira\/\" rel=\"bookmark\" title=\"Palais Mohammed V : le Chef de l\u2019\u00c9tat , S.E Mamadi DOUMBOUYA, re\u00e7oit en audience le Premier ministre de la Guin\u00e9e-Bissau, Il\u00eddio T\u00e9 VIEIRA\">Palais Mohammed V : le Chef de l\u2019\u00c9tat , S.E Mamadi...<\/a><\/h3>\r\n            <div class=\"td-module-meta-info\">\r\n                <span class=\"td-post-author-name\"><a href=\"https:\/\/conakrynews.org\/index.php\/author\/ikalil\/\">La R\u00e9daction.<\/a> <span>-<\/span> <\/span>                <span class=\"td-post-date\"><time class=\"entry-date updated td-module-date\" datetime=\"2026-04-23T09:50:15+00:00\" >23 avril 2026<\/time><\/span>                            <\/div>\r\n\r\n            \r\n        <\/div>\r\n\r\n        \n\t<\/div> <!-- .\/td-block-span6 -->\n\n\t<div class=\"td-block-span6\">\n\r\n        <div class=\"td_module_1 td_module_wrap td-animation-stack\">\r\n            <div class=\"td-module-image\">\r\n                <div class=\"td-module-thumb\"><a href=\"https:\/\/conakrynews.org\/index.php\/matoto-la-gouverneure-de-conakry-chaleureusement-acceuilli-dans-les-marches-de-matoto\/\" rel=\"bookmark\" class=\"td-image-wrap \" title=\"Matoto : la Gouverneure de Conakry chaleureusement acceuilli dans les march\u00e9s de Matoto\" ><img loading=\"lazy\" decoding=\"async\" class=\"entry-thumb\" src=\"data:image\/png;base64,iVBORw0KGgoAAAANSUhEUgAAAUQAAACgAQMAAABOhoelAAAAA1BMVEWurq51dlI4AAAAAXRSTlMmkutdmwAAAB1JREFUWMPtwTEBAAAAwiD7p\/ZdCGAAAAAAAAAQBxpAAAH8le3bAAAAAElFTkSuQmCC\" alt=\"\" title=\"Matoto : la Gouverneure de Conakry chaleureusement acceuilli dans les march\u00e9s de Matoto\" data-type=\"image_tag\" data-img-url=\"https:\/\/conakrynews.org\/wp-content\/uploads\/2026\/04\/IMG-20260421-WA0011-324x160.jpg\"  width=\"324\" height=\"160\" \/><\/a><\/div>                            <\/div>\r\n            <h3 class=\"entry-title td-module-title\"><a href=\"https:\/\/conakrynews.org\/index.php\/matoto-la-gouverneure-de-conakry-chaleureusement-acceuilli-dans-les-marches-de-matoto\/\" rel=\"bookmark\" title=\"Matoto : la Gouverneure de Conakry chaleureusement acceuilli dans les march\u00e9s de Matoto\">Matoto : la Gouverneure de Conakry chaleureusement acceuilli dans les march\u00e9s...<\/a><\/h3>\r\n            <div class=\"td-module-meta-info\">\r\n                <span class=\"td-post-author-name\"><a href=\"https:\/\/conakrynews.org\/index.php\/author\/ikalil\/\">La R\u00e9daction.<\/a> <span>-<\/span> <\/span>                <span class=\"td-post-date\"><time class=\"entry-date updated td-module-date\" datetime=\"2026-04-22T14:48:25+00:00\" >22 avril 2026<\/time><\/span>                            <\/div>\r\n\r\n            \r\n        <\/div>\r\n\r\n        \n\t<\/div> <!-- .\/td-block-span6 --><\/div><!--.\/row-fluid-->\n\n\t<div class=\"td-block-row\">\n\n\t<div class=\"td-block-span6\">\n\r\n        <div class=\"td_module_1 td_module_wrap td-animation-stack\">\r\n            <div class=\"td-module-image\">\r\n                <div class=\"td-module-thumb\"><a href=\"https:\/\/conakrynews.org\/index.php\/guinee-cooperation-premier-ministre-de-la-republique-de-guinee-bissau-m-ilidio-vieira-te-attendu-a-conakry-ce-mercredi\/\" rel=\"bookmark\" class=\"td-image-wrap \" title=\"Guin\u00e9e \/ Coop\u00e9ration : Premier Ministre de la R\u00e9publique de Guin\u00e9e-Bissau, M. Ilidio Vieira T\u00e9, attendu \u00e0 Conakry ce mercredi\" ><img loading=\"lazy\" decoding=\"async\" class=\"entry-thumb\" src=\"data:image\/png;base64,iVBORw0KGgoAAAANSUhEUgAAAUQAAACgAQMAAABOhoelAAAAA1BMVEWurq51dlI4AAAAAXRSTlMmkutdmwAAAB1JREFUWMPtwTEBAAAAwiD7p\/ZdCGAAAAAAAAAQBxpAAAH8le3bAAAAAElFTkSuQmCC\" alt=\"\" title=\"Guin\u00e9e \/ Coop\u00e9ration : Premier Ministre de la R\u00e9publique de Guin\u00e9e-Bissau, M. Ilidio Vieira T\u00e9, attendu \u00e0 Conakry ce mercredi\" data-type=\"image_tag\" data-img-url=\"https:\/\/conakrynews.org\/wp-content\/uploads\/2026\/04\/IMG_2262-650x330-1-324x160.jpeg\"  width=\"324\" height=\"160\" \/><\/a><\/div>                            <\/div>\r\n            <h3 class=\"entry-title td-module-title\"><a href=\"https:\/\/conakrynews.org\/index.php\/guinee-cooperation-premier-ministre-de-la-republique-de-guinee-bissau-m-ilidio-vieira-te-attendu-a-conakry-ce-mercredi\/\" rel=\"bookmark\" title=\"Guin\u00e9e \/ Coop\u00e9ration : Premier Ministre de la R\u00e9publique de Guin\u00e9e-Bissau, M. Ilidio Vieira T\u00e9, attendu \u00e0 Conakry ce mercredi\">Guin\u00e9e \/ Coop\u00e9ration : Premier Ministre de la R\u00e9publique de Guin\u00e9e-Bissau,...<\/a><\/h3>\r\n            <div class=\"td-module-meta-info\">\r\n                <span class=\"td-post-author-name\"><a href=\"https:\/\/conakrynews.org\/index.php\/author\/ikalil\/\">La R\u00e9daction.<\/a> <span>-<\/span> <\/span>                <span class=\"td-post-date\"><time class=\"entry-date updated td-module-date\" datetime=\"2026-04-22T14:32:15+00:00\" >22 avril 2026<\/time><\/span>                            <\/div>\r\n\r\n            \r\n        <\/div>\r\n\r\n        \n\t<\/div> <!-- .\/td-block-span6 -->\n\n\t<div class=\"td-block-span6\">\n\r\n        <div class=\"td_module_1 td_module_wrap td-animation-stack\">\r\n            <div class=\"td-module-image\">\r\n                <div class=\"td-module-thumb\"><a href=\"https:\/\/conakrynews.org\/index.php\/suivi-du-proces-du-28-septembre-2009-le-procureur-de-la-cpi-reaffirme-limportance-de-la-continuite-des-procedures-judiciaires\/\" rel=\"bookmark\" class=\"td-image-wrap \" title=\"Suivi du proc\u00e8s du 28 septembre 2009: le procureur de la CPI r\u00e9affirme l\u2019importance de la continuit\u00e9 des proc\u00e9dures judiciaires\" ><img loading=\"lazy\" decoding=\"async\" class=\"entry-thumb\" src=\"data:image\/png;base64,iVBORw0KGgoAAAANSUhEUgAAAUQAAACgAQMAAABOhoelAAAAA1BMVEWurq51dlI4AAAAAXRSTlMmkutdmwAAAB1JREFUWMPtwTEBAAAAwiD7p\/ZdCGAAAAAAAAAQBxpAAAH8le3bAAAAAElFTkSuQmCC\" alt=\"\" title=\"Suivi du proc\u00e8s du 28 septembre 2009: le procureur de la CPI r\u00e9affirme l\u2019importance de la continuit\u00e9 des proc\u00e9dures judiciaires\" data-type=\"image_tag\" data-img-url=\"https:\/\/conakrynews.org\/wp-content\/uploads\/2026\/04\/IMG_2260-1050x525-1-324x160.jpeg\"  width=\"324\" height=\"160\" \/><\/a><\/div>                            <\/div>\r\n            <h3 class=\"entry-title td-module-title\"><a href=\"https:\/\/conakrynews.org\/index.php\/suivi-du-proces-du-28-septembre-2009-le-procureur-de-la-cpi-reaffirme-limportance-de-la-continuite-des-procedures-judiciaires\/\" rel=\"bookmark\" title=\"Suivi du proc\u00e8s du 28 septembre 2009: le procureur de la CPI r\u00e9affirme l\u2019importance de la continuit\u00e9 des proc\u00e9dures judiciaires\">Suivi du proc\u00e8s du 28 septembre 2009: le procureur de la...<\/a><\/h3>\r\n            <div class=\"td-module-meta-info\">\r\n                <span class=\"td-post-author-name\"><a href=\"https:\/\/conakrynews.org\/index.php\/author\/ikalil\/\">La R\u00e9daction.<\/a> <span>-<\/span> <\/span>                <span class=\"td-post-date\"><time class=\"entry-date updated td-module-date\" datetime=\"2026-04-22T08:58:15+00:00\" >22 avril 2026<\/time><\/span>                            <\/div>\r\n\r\n            \r\n        <\/div>\r\n\r\n        \n\t<\/div> <!-- .\/td-block-span6 --><\/div><!--.\/row-fluid--><\/div><div class=\"td-load-more-wrap\"><a href=\"#\" class=\"td_ajax_load_more td_ajax_load_more_js\" id=\"next-page-tdi_15_592\" data-td_block_id=\"tdi_15_592\">Voir plus<i class=\"td-icon-font td-icon-menu-down\"><\/i><\/a><\/div><\/div> <!-- .\/block --><\/div><\/div><div class=\"vc_column tdi_17_6a8  wpb_column vc_column_container tdc-column td-pb-span4\">\n<style scoped>\n\n\/* custom css *\/\n.tdi_17_6a8{\r\n                    vertical-align: baseline;\r\n                }.tdi_17_6a8 > .wpb_wrapper,\r\n\t\t\t\t.tdi_17_6a8 > .wpb_wrapper > .tdc-elements{\r\n\t\t\t\t    display: block;\r\n\t\t\t\t}.tdi_17_6a8 > .wpb_wrapper > .tdc-elements{\r\n\t\t\t\t    width: 100%;\r\n\t\t\t\t}.tdi_17_6a8 > .wpb_wrapper{\r\n\t\t\t\t    width: auto;\r\n\t\t\t\t    height: auto;\r\n\t\t\t\t}\n<\/style><div class=\"wpb_wrapper\">[vc_single_image image=\u00a0\u00bb1209&Prime; img_size=\u00a0\u00bbfull\u00a0\u00bb]<\/div><\/div><\/div><\/div><div id=\"tdi_18_000\" class=\"tdc-row\"><div class=\"vc_row tdi_19_980  wpb_row td-pb-row\" >\n<style scoped>\n\n\/* custom css *\/\n.tdi_19_980,\r\n                .tdi_19_980 .tdc-columns{\r\n                    min-height: 0;\r\n                }.tdi_19_980,\r\n\t\t\t\t.tdi_19_980 .tdc-columns{\r\n\t\t\t\t    display: block;\r\n\t\t\t\t}.tdi_19_980 .tdc-columns{\r\n\t\t\t\t    width: 100%;\r\n\t\t\t\t}\n<\/style><div class=\"vc_column tdi_21_faf  wpb_column vc_column_container tdc-column td-pb-span12\">\n<style scoped>\n\n\/* custom css *\/\n.tdi_21_faf{\r\n                    vertical-align: baseline;\r\n                }.tdi_21_faf > .wpb_wrapper,\r\n\t\t\t\t.tdi_21_faf > .wpb_wrapper > .tdc-elements{\r\n\t\t\t\t    display: block;\r\n\t\t\t\t}.tdi_21_faf > .wpb_wrapper > .tdc-elements{\r\n\t\t\t\t    width: 100%;\r\n\t\t\t\t}.tdi_21_faf > .wpb_wrapper{\r\n\t\t\t\t    width: auto;\r\n\t\t\t\t    height: auto;\r\n\t\t\t\t}\n<\/style><div class=\"wpb_wrapper\"><\/div><\/div><\/div><\/div><\/div>","protected":false},"excerpt":{"rendered":"Culture: Dj\u00e9lykaba Bintou met fin \u00e0 sa carri\u00e8re musicale La R\u00e9daction. - 27 avril 2026 C\u00e9l\u00e9bration de la Journ\u00e9e Internationale de la libert\u00e9 de la presse:Communiqu\u00e9... La R\u00e9daction. - 26 avril 2026 Mali : coup dur pour Assimi Go\u00efta, le ministre Sadio Camara... La R\u00e9daction. - 26 avril 2026 Attaque Terroriste au Mali : la [...]","protected":false},"author":1,"featured_media":0,"parent":0,"menu_order":0,"comment_status":"closed","ping_status":"closed","template":"","meta":{"footnotes":""},"class_list":["post-760","page","type-page","status-publish"],"_links":{"self":[{"href":"https:\/\/conakrynews.org\/index.php\/wp-json\/wp\/v2\/pages\/760","targetHints":{"allow":["GET"]}}],"collection":[{"href":"https:\/\/conakrynews.org\/index.php\/wp-json\/wp\/v2\/pages"}],"about":[{"href":"https:\/\/conakrynews.org\/index.php\/wp-json\/wp\/v2\/types\/page"}],"author":[{"embeddable":true,"href":"https:\/\/conakrynews.org\/index.php\/wp-json\/wp\/v2\/users\/1"}],"replies":[{"embeddable":true,"href":"https:\/\/conakrynews.org\/index.php\/wp-json\/wp\/v2\/comments?post=760"}],"version-history":[{"count":0,"href":"https:\/\/conakrynews.org\/index.php\/wp-json\/wp\/v2\/pages\/760\/revisions"}],"wp:attachment":[{"href":"https:\/\/conakrynews.org\/index.php\/wp-json\/wp\/v2\/media?parent=760"}],"curies":[{"name":"wp","href":"https:\/\/api.w.org\/{rel}","templated":true}]}}